{"id":37850,"date":"2018-09-28T17:50:37","date_gmt":"2018-09-28T17:50:37","guid":{"rendered":"https:\/\/domingossousa.pt\/pt\/?page_id=37850"},"modified":"2018-09-29T13:53:34","modified_gmt":"2018-09-29T13:53:34","slug":"protecao-de-dados","status":"publish","type":"page","link":"https:\/\/domingossousa.pt\/pt\/protecao-de-dados\/","title":{"rendered":"Prote\u00e7\u00e3o de Dados"},"content":{"rendered":"<p>[et_pb_section fb_built=&#8221;1&#8243; module_id=&#8221;PP&#8221; _builder_version=&#8221;3.3.1&#8243; custom_margin=&#8221;0px||0px|&#8221; custom_padding=&#8221;0px|0px|0px|0px&#8221;][et_pb_row custom_padding=&#8221;100px||100px||true&#8221; custom_padding_tablet=&#8221;80px||80px|&#8221; custom_padding_phone=&#8221;60px||60px|&#8221; custom_margin=&#8221;0px||0px||true&#8221; custom_padding_last_edited=&#8221;on|desktop&#8221; _builder_version=&#8221;3.3.1&#8243; background_size=&#8221;initial&#8221; background_position=&#8221;top_left&#8221; background_repeat=&#8221;repeat&#8221;][et_pb_column type=&#8221;4_4&#8243; _builder_version=&#8221;3.0.47&#8243; parallax=&#8221;off&#8221; parallax_method=&#8221;on&#8221;][et_pb_text _builder_version=&#8221;3.15&#8243; text_font=&#8221;||||||||&#8221; text_font_size=&#8221;15px&#8221; text_line_height=&#8221;1.3em&#8221; header_font=&#8221;||||||||&#8221; text_orientation=&#8221;justified&#8221; custom_margin=&#8221;0px||0px|&#8221; custom_padding=&#8221;0px||0px|&#8221;]<\/p>\n<h1>Pol\u00edtica de Privacidade e Prote\u00e7\u00e3o de Dados Pessoais<\/h1>\n<p>&nbsp;<\/p>\n<p class=\"western\" style=\"margin-bottom: 0cm; line-height: 115%;\" align=\"justify\"><strong><span style=\"font-family: MarkOT-Book, serif;\" face=\"MarkOT-Book, serif\"><span style=\"font-size: small;\" size=\"2\"><\/span><\/span>PRE\u00c2MBULO<\/strong><\/p>\n<p>O novo Regulamento Geral sobre a Prote\u00e7\u00e3o de Dados Pessoais \u2013 Regulamento n.\u00ba 2016\/679 do Parlamento Europeu e do Conselho, de 27 de Abril de 2016, entrou em vigor no dia 25 de Maio de 2018, que determina as regras relativas \u00e0 prote\u00e7\u00e3o, tratamento e livre circula\u00e7\u00e3o dos dados pessoais das pessoas singulares e que se aplica diretamente a todas as entidades que procedam ao tratamento desses dados, em qualquer Estado Membro da Uni\u00e3o Europeia, incluindo Portugal.<\/p>\n<p>A Domingos De Sousa &amp; Filhos, S.A. doravante designada por \u201cDSF\u201d, inscrita na seguran\u00e7a social com o n\u00ba 20010188968 e CIPC n\u00ba 500641269 registada na Conservat\u00f3ria do Registo Comercial de Guimar\u00e3es sob o n\u00ba1192 com sede na Rua da Igreja Nova freguesia de Gandarela, Concelho de Guimar\u00e3es adota os n\u00edveis de seguran\u00e7a e de prote\u00e7\u00e3o de dados licitamente exigidos, de forma a garantir o respeito pela informa\u00e7\u00e3o pessoal e pela privacidade dos seus utilizadores.<\/p>\n<p>A presente Pol\u00edtica de Privacidade e Prote\u00e7\u00e3o de Dados Pessoais, aplica-se \u00e0 recolha e tratamento dos dados pessoais fornecidos pelos utilizadores que acedem a este site, nomeadamente, os recolhidos atrav\u00e9s do formul\u00e1rio ou outros meios destinados a permitir o contacto com a DSF aplicando-se ainda ao exerc\u00edcio de direitos, pelo utilizador, relativamente a estes dados, nos termos da legisla\u00e7\u00e3o aplic\u00e1vel.<\/p>\n<p>&nbsp;<\/p>\n<p><strong>DEFINI\u00c7\u00d5ES*<\/strong><\/p>\n<p>\u2022 <span style=\"text-decoration: underline;\"><strong>Dados pessoais<\/strong><\/span>, informa\u00e7\u00e3o relativa a uma pessoa singular identificada ou Identific\u00e1vel (\u00abtitular dos dados\u00bb); \u00e9 considerada identific\u00e1vel uma pessoa singular que possa ser identificada, direta ou indiretamente, em especial por refer\u00eancia a um identificador, como por exemplo um nome, um n\u00famero de identifica\u00e7\u00e3o, dados de localiza\u00e7\u00e3o, identificadores por via eletr\u00f3nica ou a um ou mais elementos espec\u00edficos da identidade f\u00edsica, fisiol\u00f3gica, gen\u00e9tica, mental, econ\u00f3mica, cultural ou social dessa pessoa singular<\/p>\n<p>\u2022 <span style=\"text-decoration: underline;\"><strong>Tratamento<\/strong><\/span>, uma opera\u00e7\u00e3o ou um conjunto de opera\u00e7\u00f5es efetuadas sobre dados pessoais ou sobre conjuntos de dados pessoais, por meios automatizados ou n\u00e3o automatizados, tais como a recolha, o registo, a organiza\u00e7\u00e3o, a estrutura\u00e7\u00e3o, a conserva\u00e7\u00e3o, a adapta\u00e7\u00e3o ou altera\u00e7\u00e3o, a recupera\u00e7\u00e3o, a consulta, a utiliza\u00e7\u00e3o, a divulga\u00e7\u00e3o por transmiss\u00e3o, difus\u00e3o ou qualquer outra forma de disponibiliza\u00e7\u00e3o, a compara\u00e7\u00e3o ou interconex\u00e3o, a limita\u00e7\u00e3o, o apagamento ou a destrui\u00e7\u00e3o;<\/p>\n<p>\u2022 <span style=\"text-decoration: underline;\"><strong>Limita\u00e7\u00e3o do tratamento<\/strong><\/span>, a inser\u00e7\u00e3o de uma marca nos dados pessoais conservados com o objetivo de limitar o seu tratamento no futuro;<\/p>\n<p>\u2022 <span style=\"text-decoration: underline;\"><strong>Respons\u00e1vel pelo tratamento<\/strong><\/span>, a pessoa singular ou coletiva, a autoridade p\u00fablica, a ag\u00eancia ou outro organismo que, individualmente ou em conjunto com outras, determina as finalidades e os meios de tratamento de dados pessoais; sempre que as finalidades e os meios desse tratamento sejam determinados pelo direito da Uni\u00e3o ou de um Estado-Membro, o respons\u00e1vel pelo tratamento ou os crit\u00e9rios espec\u00edficos aplic\u00e1veis \u00e0 sua nomea\u00e7\u00e3o podem ser previstos pelo direito da Uni\u00e3o ou de um Estado-Membro;<\/p>\n<p>\u2022 <span style=\"text-decoration: underline;\"><strong>Consentimento<\/strong><\/span> do titular dos dados, uma manifesta\u00e7\u00e3o de vontade, livre, espec\u00edfica, informada e expl\u00edcita, pela qual o titular dos dados aceita, mediante declara\u00e7\u00e3o ou ato positivo inequ\u00edvoco, que os dados pessoais que lhe dizem respeito sejam objeto de tratamento;<\/p>\n<p>*Artigo 4\u00ba, Cap\u00edtulo I, Regulamento (UE) 2016\/679 Do Parlamento Europeu E Do Conselho De 27 De Abril De 2016<\/p>\n<p>&nbsp;<\/p>\n<p><strong>QUEST\u00d5ES<\/strong><\/p>\n<p><strong>Quem \u00e9 o respons\u00e1vel pelo tratamento dos dados pessoais?<\/strong><br \/>\nA DSF \u00e9 a entidade Respons\u00e1vel pelo Tratamento dos seus dados pessoais, nomeadamente pela recolha, registo, organiza\u00e7\u00e3o, estrutura\u00e7\u00e3o, conserva\u00e7\u00e3o, retifica\u00e7\u00e3o, utiliza\u00e7\u00e3o, divulga\u00e7\u00e3o e elimina\u00e7\u00e3o.<\/p>\n<p><strong><br \/>\nQue dados pessoais recolhemos?<\/strong><br \/>\nA DSF procede \u00e0 recolha e ao tratamento dos dados pessoais necess\u00e1rios, tratando nesse \u00e2mbito dados como nome e e-mail.<br \/>\nOs dados pessoais recolhidos s\u00e3o tratados informaticamente e no rigoroso cumprimento da legisla\u00e7\u00e3o de prote\u00e7\u00e3o de dados pessoais, sendo armazenados em base de dados espec\u00edficas, em nenhuma situa\u00e7\u00e3o, os dados recolhidos ser\u00e3o utilizados para outra finalidade que n\u00e3o seja aquela para a qual foi dado o consentimento por parte do titular dos dados. Todos os dados prestados pelos utilizadores s\u00e3o conservados em servidores seguros da DSF.<\/p>\n<p>Os dados fornecidos na rela\u00e7\u00e3o celebrada com a DSF s\u00e3o tratados de acordo com a lei, sendo particularmente:<\/p>\n<p>\u2022 \u201cTratados de forma l\u00edcita e leal;<\/p>\n<p>\u2022 Recolhidos para finalidades determinadas, expl\u00edcitas e leg\u00edtimas, e n\u00e3o tratos de uma forma incompat\u00edvel com essas finalidades;<\/p>\n<p>\u2022 Adequados, pertinentes e limitados ao m\u00ednimo necess\u00e1rio relativamente \u00e0s finalidades para as quais s\u00e3o tratados;<\/p>\n<p>\u2022 Exatos e atualizados sempre que necess\u00e1rio; devem ser tomadas todas as medidas razo\u00e1veis para que os dados inexatos, tendo em conta as finalidades para as quais s\u00e3o tratos, sejam apagados ou retificados sem demora;<\/p>\n<p>\u2022 Conservados de forma a permitir a identifica\u00e7\u00e3o dos titulares dos dados apenas durante o per\u00edodo necess\u00e1rio para as finalidades para as quais s\u00e3o tratados;<\/p>\n<p>\u2022 Tratados de uma forma que garanta a sua seguran\u00e7a adequada, incluindo a prote\u00e7\u00e3o contra o seu tratamento n\u00e3o autorizado ou il\u00edcito e contra a sua perda, destrui\u00e7\u00e3o ou danifica\u00e7\u00e3o acidentais, recorrendo a medidas t\u00e9cnicas ou organizativas adequadas;\u201d<\/p>\n<p><strong><br \/>\nQuais as finalidades da recolha dos seus dados pessoais e qual o fundamento do seu tratamento (limita\u00e7\u00e3o do tratamento)?<\/strong><br \/>\nEm geral, os dados pessoais recolhidos destinam-se ao contacto profissional entre o utilizador e a DSF.<\/p>\n<p>Os dados pessoais recolhidos pela DSF n\u00e3o s\u00e3o partilhados com terceiros sem consentimento do utilizador.<\/p>\n<p><strong><br \/>\nDurante quanto tempo conservamos os dados pessoais?<\/strong><br \/>\nO per\u00edodo de tempo durante o qual os dados s\u00e3o armazenados e conservados varia consoante a finalidade para a qual a informa\u00e7\u00e3o \u00e9 tratada.<\/p>\n<p>No entanto, existem requisitos legais que obrigam a conservar os dados por um per\u00edodo de tempo m\u00ednimo. Assim e sempre que n\u00e3o exista uma exig\u00eancia legal especifica, os dados ser\u00e3o armazenados e conservados apenas pelo per\u00edodo m\u00ednimo necess\u00e1rio para as finalidades que justificaram a sua recolha ou o seu posterior tratamento, findo o qual os mesmos ser\u00e3o eliminados.<\/p>\n<p><strong><br \/>\nQuais os direitos dos titulares dos dados?<\/strong><br \/>\n\u00c9 garantido ao titular dos dados, o direito de acesso, retifica\u00e7\u00e3o e apagamento, direito ao apagamento dos seus dados pessoais (\u201cdireito a ser esquecido\u201d), direito \u00e0 limita\u00e7\u00e3o do tratamento, direito de portabilidade dos dados, direito de oposi\u00e7\u00e3o e decis\u00f5es individuais automatizadas, a todo o tempo, devendo para tal, enviar o pedido atrav\u00e9s do endere\u00e7o de correio eletr\u00f3nico <a style=\"text-decoration: underline;\" href=\"mailto:dsousa@domingossousa\">dsousa@domingossousa<\/a>.<\/p>\n<p><strong>&#8211; Direito de acesso do titular dos dados aos seus dados pessoais (Artigo 15.\u00ba)<\/strong><\/p>\n<p>\u2022 \u201cO titular dos dados tem o direito de saber se os seus dados pessoais s\u00e3o ou n\u00e3o objeto de tratamento e, caso seja, o direito de aceder aos seus dados pessoais e \u00e0s seguintes informa\u00e7\u00f5es: as finalidades, as categorias dos dados pessoais, os destinat\u00e1rios ou categorias de destinat\u00e1rios a quem foram ou ser\u00e3o divulgados os dados, e o prazo de conserva\u00e7\u00e3o dos dados pessoais (caso seja poss\u00edvel).\u201c<\/p>\n<p><strong>&#8211; Direito de retifica\u00e7\u00e3o (Artigo 16.\u00ba)<\/strong><br \/>\n\u2022 \u201cO titular tem o direito de retificar os seus dados pessoais inexatos e o direito de completar os seus dados pessoais caso se encontrem incompletos.\u201d<\/p>\n<p><strong>&#8211; Direito ao apagamento dos dados (Artigo 17.\u00ba)<\/strong><br \/>\n\u2022 \u201cO titular tem o direito de obter do respons\u00e1vel pelo tratamento o apagamento dos seus dados pessoais, desde que n\u00e3o se verifiquem fundamentos v\u00e1lidos para a sua conserva\u00e7\u00e3o.\u201d<\/p>\n<p><strong>&#8211; Direito \u00e0 limita\u00e7\u00e3o do tratamento (Artigo 18.\u00ba)<\/strong><br \/>\n\u2022 \u201cO titular dos dados tem o direito de obter do respons\u00e1vel pelo tratamento a limita\u00e7\u00e3o do tratamento.\u201d<\/p>\n<p><strong>&#8211; Obriga\u00e7\u00e3o de notifica\u00e7\u00e3o da retifica\u00e7\u00e3o ou apagamento dos dados pessoais ou limita\u00e7\u00e3o do tratamento<\/strong><br \/>\n\u2022 \u201cO respons\u00e1vel pelo tratamento informa a cada destinat\u00e1rio a quem os dados pessoais tenham sido transmitidos qualquer retifica\u00e7\u00e3o ou apagamento dos dados pessoais ou limita\u00e7\u00e3o do tratamento. Se o titular requerer, o respons\u00e1vel pelo tratamento fornece-lhe informa\u00e7\u00f5es sobre os referidos destinat\u00e1rios.\u201d<\/p>\n<p><strong>&#8211; Direito de portabilidade dos dados<\/strong><br \/>\n\u2022 \u201cO titular dos dados tem o direito de receber os seus dados pessoais.\u201d<\/p>\n<p><strong>&#8211; Direito de oposi\u00e7\u00e3o e decis\u00f5es individuais automatizadas<\/strong><br \/>\n\u2022 \u201cO titular dos dados tem o direito de se opor a qualquer altura, por motivos relacionados com a sua situa\u00e7\u00e3o particular, ao tratamento dos seus dados pessoais.\u201d<\/p>\n<p><strong><br \/>\nQuais as medidas de seguran\u00e7a adotadas?<\/strong><br \/>\nA DSF compromete-se a garantir a prote\u00e7\u00e3o da seguran\u00e7a dos dados pessoais que lhe s\u00e3o disponibilizados.<br \/>\nTendo presente a preocupa\u00e7\u00e3o que a DSF declara na defesa das quest\u00f5es de privacidade, foram adotadas medidas de seguran\u00e7a, de car\u00e1ter t\u00e9cnico e organizativo, de forma a proteger os dados pessoais que lhe s\u00e3o facultados contra a sua divulga\u00e7\u00e3o, extravio, uso indevido, altera\u00e7\u00e3o, tratamento ou acesso n\u00e3o autorizado bem como, contra qualquer outra forma de tratamento il\u00edcito.<\/p>\n<p>&nbsp;[\/et_pb_text][\/et_pb_column][\/et_pb_row][\/et_pb_section][et_pb_section fb_built=&#8221;1&#8243; module_id=&#8221;RLO&#8221; _builder_version=&#8221;3.3.1&#8243; background_color=&#8221;#eeeeee&#8221; custom_margin=&#8221;0px||0px|&#8221; custom_padding=&#8221;0px|0px|0px|0px&#8221;][et_pb_row custom_padding=&#8221;100px||100px||true&#8221; custom_padding_tablet=&#8221;80px||80px|&#8221; custom_padding_phone=&#8221;60px||60px|&#8221; custom_margin=&#8221;0px||0px||true&#8221; custom_padding_last_edited=&#8221;on|desktop&#8221; _builder_version=&#8221;3.3.1&#8243; background_size=&#8221;initial&#8221; background_position=&#8221;top_left&#8221; background_repeat=&#8221;repeat&#8221;][et_pb_column type=&#8221;4_4&#8243; _builder_version=&#8221;3.0.47&#8243; parallax=&#8221;off&#8221; parallax_method=&#8221;on&#8221;][et_pb_text _builder_version=&#8221;3.11.1&#8243; text_font=&#8221;||||||||&#8221; text_font_size=&#8221;15px&#8221; text_line_height=&#8221;1.3em&#8221; header_font=&#8221;||||||||&#8221; text_orientation=&#8221;justified&#8221; custom_margin=&#8221;0px||0px|&#8221; custom_padding=&#8221;0px||0px|&#8221;]<\/p>\n<h1>Resolu\u00e7\u00e3o de Lit\u00edgios Online<\/h1>\n<p>&nbsp;<\/p>\n<p>Em caso de lit\u00edgio o consumidor pode recorrer a uma Entidade de Resolu\u00e7\u00e3o Alternativa de Lit\u00edgios de consumo.<\/p>\n<p>Lista das Entidades de Resolu\u00e7\u00e3o Alternativa de Lit\u00edgios de Consumo<br \/>(ao abrigo da Lei n.\u00ba 144\/2015, de 8 de setembro)<\/p>\n<p><b>CENTROS DE ARBITRAGEM DE COMPET\u00caNCIA GEN\u00c9RICA<\/b><\/p>\n<p>Centro Nacional de Informa\u00e7\u00e3o e Arbitragem de Conflitos de Consumo<br \/>Atua\u00e7\u00e3o em todo o territ\u00f3rio nacional, nas zonas n\u00e3o abrangidas por outro centro de arbitragem de compet\u00eancia regional<br \/>Contactos CNIACC &#8211; Centro Nacional de Informa\u00e7\u00e3o e Arbitragem de Conflitos de Consumo<br \/>Faculdade de Direito da Universidade Nova de Lisboa<br \/>Campus de Campolide<br \/>1099-032 Lisboa<br \/>Tel.: 213 847 484<br \/>E-mail: cniacc@fd.unl.pt<br \/>Web: www.arbitragemdeconsumo.org<\/p>\n<p><b>Centro de Informa\u00e7\u00e3o, Medi\u00e7\u00e3o e arbitragem de Conflitos de Consumo do Algarve<\/b><br \/>\u00c1rea geogr\u00e1fica abrangida: Contratos celebrados no Distrito de Faro.<br \/>Contactos CIMAAL &#8211; Centro de Informa\u00e7\u00e3o, Media\u00e7\u00e3o e Arbitragem de Conflitos de Consumo do Algarve<br \/>Edif\u00edcio Ninho de Empresas, Estrada da Penha, 8005-131 Faro<br \/>Tel.: 289 823 135<br \/>E-mail: apoio@consumidoronline.pt; cimaal@mail.telepac.pt<br \/>Web: www.consumidoronline.pt<\/p>\n<p><b>Centro de Arbitragem de Conflitos de Consumo do Distrito de Coimbra<\/b><br \/>\u00c1rea geogr\u00e1fica abrangida: Contratos celebrados nos munic\u00edpios de Arganil, Cantanhede, Coimbra, Condeixa-a-Nova, Figueira da Foz, G\u00f3is, Lous\u00e3, Mira, Miranda do Corvo, Montemor-o-Velho, Oliveira do Hospital, Penacova, Penela, Soure, T\u00e1bua, Vila Nova de Poiares.<br \/>Contactos Endere\u00e7o postal:<br \/>Av. Fern\u00e3o Magalh\u00e3es, n.\u00ba 240, 1\u00ba &#8211; 3000-172 COIMBRA<br \/>Tel.: 239 821 690<br \/>E-mail: geral@centrodearbitragemdecoimbra.com<br \/>Web: www.centrodearbitragemdecoimbra.com<\/p>\n<p><b>Centro de Arbitragem de Conflitos de Consumo de Lisboa<\/b><br \/>\u00c1rea geogr\u00e1fica de abrang\u00eancia: Contratos celebrados na \u00c1rea Metropolitana de Lisboa, Alcochete, Almada, Amadora, Azambuja, Barreiro, Cascais, Lisboa, Loures, Mafra, Moita, Montijo, Odivelas, Oeiras, Palmela, Seixal, Sesimbra, Set\u00fabal, Sintra e Vila Franca de Xira.<br \/>Contactos Endere\u00e7o postal: Rua dos Douradores, 116, 2\u00ba &#8211; 1100-207 LISBOA<br \/>Tel: 218 807 030<br \/>E-mail: juridico@centroarbitragemlisboa.pt \/ director@centroarbitragemlisboa.pt<br \/>Web: www.centroarbitragemlisboa.pt<\/p>\n<p><b>Centro de Informa\u00e7\u00e3o de Consumo e Arbitragem do Porto<\/b><br \/>\u00c1rea geogr\u00e1fica de abrang\u00eancia: Contratos celebrados na \u00c1rea Metropolitana do Porto, Arouca, Espinho, Gondomar, Maia, Matosinhos, Oliveira de Azem\u00e9is, Porto, P\u00f3voa de Varzim, Santa Maria da Feira, Santo Tirso, S\u00e3o Jo\u00e3o da Madeira, Trofa, Vale de Cambra, Valongo, Vila do Conde e Vila Nova de Gaia.<br \/>Contactos Endere\u00e7o postal: Rua Dami\u00e3o de G\u00f3is, 31 \u2013 Loja 6 \u2013 4050-225 Porto<br \/>Tel.: 225 508 349<br \/>E-mail: cicap@mail.telepac.pt<br \/>web: www.cicap.pt<\/p>\n<p><b>Centro de Informa\u00e7\u00e3o, Media\u00e7\u00e3o e Arbitragem de Consumo (Tribunal Arbitral de consumo)<\/b><br \/>\u00c1rea geogr\u00e1fica de abrang\u00eancia: Contratos celebrados nos munic\u00edpios de Amares, Arcos de Valdevez, Barcelos, Braga, Caminha, Esposende, Melga\u00e7o, Mon\u00e7\u00e3o, Montalegre, Paredes de Coura, Ponte da Barca, P\u00f3voa do Lanhoso, Terras do Bouro, Valen\u00e7a, Viana do Castelo, Vila Nova de Cerveira, Vieira do Minho, Vila Verde.<br \/>Contactos BRAGA:<br \/>Rua D Afonso Henriques, n\u00ba 1 (Ed Junta de Freguesia da S\u00e9) 4700 &#8211; 030 BRAGA<br \/>Tel: 253 617 604<br \/>E-mail: geral@ciab.pt<br \/>VIANA DO CASTELO<br \/>Av Rocha Paris, n\u00ba 103 (Edif\u00edcio Vila Rosa) 4900 &#8211; 394 VIANA DO CASTELO<br \/>Tel: 258 809 335<br \/>E-mail: ciab.viana@cm-viana-castelo.pt<br \/>Web: www.ciab.pt<\/p>\n<p><b>Centro de Arbitragem de Conflitos de Consumo da Madeira<\/b><br \/>\u00c1rea geogr\u00e1fica de abrang\u00eancia Contratos celebrados na Regi\u00e3o Aut\u00f3noma da Madeira.<br \/>Contactos Endere\u00e7o postal: Rua Direita n\u00ba. 27 \u2013 1\u00ba andar &#8211; 9050-405 Funchal<br \/>Tel.: 291 215 070<br \/>E-mail: centroarbitragem.srias@madeira.gov.pt<br \/>Web: www.srrh.gov-madeira.pt\/In%C3%ADcio\/tabid\/292\/Default.aspx<\/p>\n<p><b>Centro de Arbitragem de Conflitos de Consumo do Vale do Ave \/ Tribunal Arbitral<\/b><br \/>\u00c1rea geogr\u00e1fica de abrang\u00eancia: Contratos celebrados nos munic\u00edpios de Cabeceiras de Basto, Fafe, Felgueiras, Guimar\u00e3es, P\u00f3voa de Lanhoso, P\u00f3voa de Varzim, Santo Tirso, Trofa, Vila do Conde, Vila Nova de Famalic\u00e3o, Vizela e Vieira do Minho.<br \/>Contactos Endere\u00e7o postal: Rua Capit\u00e3o Alfredo Guimar\u00e3es, n.\u00ba 1, 4800-019, Guimar\u00e3es \u00a0<br \/>Tel.: 253 422 410 \u00a0<br \/>E-mail: triave@gmail.com \u00a0<br \/>Web: www.triave.pt<\/p>\n<p>Mais informa\u00e7\u00f5es em Portal do Consumidor <u><b><a target=\"_blank\" href=\"http:\/\/www.consumidor.gov.pt\/\" rel=\"noopener\">www.consumidor.pt<\/a><\/b><\/u><\/p>\n<p>[\/et_pb_text][\/et_pb_column][\/et_pb_row][\/et_pb_section][et_pb_section fb_built=&#8221;1&#8243; module_id=&#8221;PC&#8221; _builder_version=&#8221;3.3.1&#8243; custom_margin=&#8221;0px||0px|&#8221; custom_padding=&#8221;0px|0px|0px|0px&#8221;][et_pb_row custom_padding=&#8221;100px||100px|&#8221; custom_padding_tablet=&#8221;80px||80px|&#8221; custom_padding_phone=&#8221;60px||60px|&#8221; custom_margin=&#8221;0px||0px|&#8221; custom_padding_last_edited=&#8221;on|desktop&#8221; _builder_version=&#8221;3.0.106&#8243; background_size=&#8221;initial&#8221; background_position=&#8221;top_left&#8221; background_repeat=&#8221;repeat&#8221;][et_pb_column type=&#8221;4_4&#8243; _builder_version=&#8221;3.0.47&#8243; parallax=&#8221;off&#8221; parallax_method=&#8221;on&#8221;][et_pb_text _builder_version=&#8221;3.3.1&#8243; text_font=&#8221;||||||||&#8221; text_font_size=&#8221;15px&#8221; text_line_height=&#8221;1.3em&#8221; header_font=&#8221;||||||||&#8221; text_orientation=&#8221;justified&#8221; custom_margin=&#8221;0px||0px|&#8221; custom_padding=&#8221;0px||0px|&#8221;]<\/p>\n<h1>Pol\u00edtica de Cookies<\/h1>\n<p>&nbsp;<\/p>\n<p><strong>USO DE COOKIES<\/strong><br \/>Este site utiliza cookies para lhe permitir ter a melhor experi\u00eancia como utilizador.<br \/>Se continuar a navegar est\u00e1 a dar o seu consentimento para a aceita\u00e7\u00e3o dos referidos cookies bem como da nossa Pol\u00edtica de Cookies.<\/p>\n<p><strong>O QUE S\u00c3O COOKIES?<\/strong><br \/>Os cookies s\u00e3o pequenos ficheiros de texto gravados no seu equipamento quando acede aos sites.<br \/>Estes permitem o armazenamento de um conjunto de informa\u00e7\u00f5es relacionadas com o utilizador, em que umas s\u00e3o usadas para reconhecer o utilizador em futuras visitas ao nosso site, e outras s\u00e3o usadas para garantir as funcionalidades disponibilizadas e melhorar o desempenho e a experi\u00eancia do utilizador no site.<br \/>O tipo de informa\u00e7\u00e3o que pode ser analisada utilizando cookies \u00e9 a seguinte: nome de utilizador, endere\u00e7o de correio eletr\u00f3nico e palavra-passe, o endere\u00e7o de protocolo de internet (IP) que \u00e9 utilizado para ligar \u00e0 internet, o tipo e a vers\u00e3o de navegador, o sistema operativo e a plataforma utilizada para a liga\u00e7\u00e3o, os endere\u00e7os web (URLs) desde os quais ou atrav\u00e9s dos quais tenha acedido e deixado os nossos servi\u00e7os online, e a data e a hora da referida atividade, entre outros.<br \/>Os cookies dos sites podem ser, a qualquer momento, desactivados ou geridos. Para saber como o fazer aceda \u00e0 \u00e1rea de \u201cAjuda\u201d do seu Browser.<br \/>Aten\u00e7\u00e3o: \u00e9 importante perceber que algumas \u00e1reas do site poder\u00e3o n\u00e3o funcionar correctamente ap\u00f3s a desactiva\u00e7\u00e3o dos cookies.<\/p>\n<p><strong>FINALIDADE DOS COOKIES?<\/strong><br \/>A utiliza\u00e7\u00e3o de cookies optimiza a navega\u00e7\u00e3o do utilizador, permitindo que os dados armazenados melhorem a sua experi\u00eancia no site, aumentando tamb\u00e9m a efici\u00eancia de resposta do endere\u00e7o web.<br \/>Assim, permitem eliminar algumas a\u00e7\u00f5es repetitivas no site, bem como auxiliar na apresenta\u00e7\u00e3o de informa\u00e7\u00e3o, para ir, o mais poss\u00edvel de encontro aos seus interesses.<\/p>\n<p><strong>TIPOS DE COOKIES UTILIZADOS<\/strong><br \/>Os cookies s\u00e3o segmentados de acordo com a sua finalidade e data de validade.<br \/>Os cookies essenciais s\u00e3o elementos fundamentais de acesso a determinadas \u00e1reas do site, tais como o acesso a \u00e1reas seguras do site atrav\u00e9s de login e Password. Desactivando os cookies os mesmos servi\u00e7os poder\u00e3o n\u00e3o ser consultados.<br \/>Os cookies de funcionalidade memorizam as prefer\u00eancias de navega\u00e7\u00e3o do utilizador.<br \/>Os cookies anal\u00edticos permitem a memoriza\u00e7\u00e3o da forma como determinado site \u00e9 navegado, com a finalidade de apresenta\u00e7\u00e3o de produtos ou servi\u00e7os que v\u00e3o de encontro ao utilizador, atrav\u00e9s da monitoriza\u00e7\u00e3o do site. S\u00e3o exemplos os que guardam as p\u00e1ginas mais visitadas, o tempo em cada p\u00e1gina, produtos ou servi\u00e7os pesquisados, etc. Estes cookies armazenam informa\u00e7\u00f5es de teor estat\u00edstico.<\/p>\n<p><strong>EXPRESS\u00c3O DE CONSENTIMENTO DE USO DE COOKIES<\/strong><br \/>O utilizador ao aceder ao nosso site d\u00e1 o seu consentimento para o uso de cookies atrav\u00e9s de um bot\u00e3o OK no banner que aparece quando o utilizador visita pela primeira vez o nosso site.<\/p>\n<p>[\/et_pb_text][et_pb_button button_url=&#8221;https:\/\/domingossousa.pt\/pt\/&#8221; button_text=&#8221;Voltar&#8221; _builder_version=&#8221;3.15&#8243; custom_button=&#8221;on&#8221; button_text_size=&#8221;16px&#8221; button_font=&#8221;||||||||&#8221; button_icon=&#8221;%%19%%&#8221; button_icon_placement=&#8221;left&#8221; button_border_color_hover=&#8221;#695F5D&#8221; custom_margin=&#8221;50px||0px|&#8221;][\/et_pb_button][\/et_pb_column][\/et_pb_row][\/et_pb_section][et_pb_section fb_built=&#8221;1&#8243; disabled_on=&#8221;off|off|off&#8221; _builder_version=&#8221;3.2.1&#8243; background_color=&#8221;#ffffff&#8221; border_width_top=&#8221;1px&#8221; border_color_top=&#8221;#E2D5D0&#8243; border_style_top=&#8221;dashed&#8221; custom_padding=&#8221;0px||0px|&#8221; custom_padding_tablet=&#8221;0px||0px|&#8221; padding_mobile=&#8221;on&#8221; global_module=&#8221;34289&#8243;][et_pb_row make_fullwidth=&#8221;on&#8221; use_custom_gutter=&#8221;on&#8221; gutter_width=&#8221;2&#8243; custom_padding=&#8221;30px||10px|&#8221; custom_margin=&#8221;0px||0px|&#8221; column_padding_mobile=&#8221;on&#8221; parallax_method_1=&#8221;off&#8221; parallax_method_2=&#8221;off&#8221; parallax_method_3=&#8221;off&#8221; module_class=&#8221;linkfooter&#8221; _builder_version=&#8221;3.15&#8243; background_size=&#8221;initial&#8221; background_position=&#8221;top_left&#8221; background_repeat=&#8221;repeat&#8221;][et_pb_column type=&#8221;4_4&#8243; _builder_version=&#8221;3.0.47&#8243; column_padding_mobile=&#8221;on&#8221; parallax=&#8221;off&#8221; parallax_method=&#8221;off&#8221;][et_pb_social_media_follow disabled_on=&#8221;off|off|off&#8221; admin_label=&#8221;Redes sociais&#8221; _builder_version=&#8221;3.3.1&#8243; border_radii=&#8221;on|100%|100%|100%|100%&#8221; text_orientation=&#8221;center&#8221; custom_margin=&#8221;20px||10px|&#8221; custom_padding=&#8221;0px||0px|&#8221; link_shape=&#8221;circle&#8221;][et_pb_social_media_follow_network social_network=&#8221;facebook&#8221; url=&#8221;https:\/\/www.facebook.com\/DStowels&#8221; _builder_version=&#8221;3.3.1&#8243; background_color=&#8221;#695F5D&#8221; bg_color=&#8221;#3b5998&#8243; link_shape=&#8221;circle&#8221; follow_button=&#8221;off&#8221; url_new_window=&#8221;on&#8221;]facebook[\/et_pb_social_media_follow_network][et_pb_social_media_follow_network social_network=&#8221;twitter&#8221; url=&#8221;https:\/\/twitter.com\/dsfelpos&#8221; _builder_version=&#8221;3.3.1&#8243; background_color=&#8221;#695F5D&#8221; bg_color=&#8221;#00aced&#8221; link_shape=&#8221;circle&#8221; follow_button=&#8221;off&#8221; url_new_window=&#8221;on&#8221;]Twitter[\/et_pb_social_media_follow_network][et_pb_social_media_follow_network social_network=&#8221;youtube&#8221; url=&#8221;https:\/\/www.youtube.com\/channel\/UCFO_ZxaPaFrycIEh2gzNDxw&#8221; _builder_version=&#8221;3.3.1&#8243; background_color=&#8221;#695F5D&#8221; link_shape=&#8221;circle&#8221; follow_button=&#8221;off&#8221; url_new_window=&#8221;on&#8221;]youtube[\/et_pb_social_media_follow_network][\/et_pb_social_media_follow][et_pb_image src=&#8221;https:\/\/domingossousa.pt\/pt\/wp-content\/uploads\/2018\/05\/domingos_de_sousa_logos_apoios.png&#8221; align=&#8221;center&#8221; _builder_version=&#8221;3.2.1&#8243;]<\/p>\n<p>\u00a0<\/p>\n<p>[\/et_pb_image][et_pb_text admin_label=&#8221;Rodape nome do site&#8221; _builder_version=&#8221;3.15&#8243; text_font=&#8221;||||||||&#8221; text_text_color=&#8221;#adadad&#8221; text_line_height=&#8221;1.3em&#8221; background_size=&#8221;initial&#8221; background_position=&#8221;top_left&#8221; background_repeat=&#8221;repeat&#8221; text_orientation=&#8221;center&#8221; custom_margin=&#8221;0px||0px|&#8221; custom_padding=&#8221;0px||0px|&#8221;]<\/p>\n<p style=\"font-size: 14px;\">\u00a9 DOMINGOS DE SOUSA E FILHOS, S.A.<\/p>\n<p>[\/et_pb_text][et_pb_text admin_label=&#8221;Rodape nome do site&#8221; _builder_version=&#8221;3.15&#8243; text_font=&#8221;||||||||&#8221; text_text_color=&#8221;#adadad&#8221; text_font_size=&#8221;12px&#8221; text_line_height=&#8221;1.3em&#8221; background_size=&#8221;initial&#8221; background_position=&#8221;top_left&#8221; background_repeat=&#8221;repeat&#8221; text_orientation=&#8221;center&#8221; custom_margin=&#8221;0px||0px|&#8221; custom_padding=&#8221;8px||5px|&#8221;]<\/p>\n<p><a href=\"https:\/\/domingossousa.pt\/pt\/protecao-de-dados\/#PP\">Pol\u00edtica de Privacidade<\/a> | <a href=\"https:\/\/domingossousa.pt\/pt\/protecao-de-dados\/#RLO\">Resolu\u00e7\u00e3o de Lit\u00edgios Online<\/a> | <a href=\"https:\/\/domingossousa.pt\/pt\/protecao-de-dados\/#PC\">Pol\u00edtica de Cookies<\/a><\/p>\n<p>[\/et_pb_text][et_pb_text admin_label=&#8221;Rodape nome do site&#8221; _builder_version=&#8221;3.15&#8243; text_font=&#8221;||||||||&#8221; text_text_color=&#8221;#adadad&#8221; text_font_size=&#8221;12px&#8221; text_line_height=&#8221;1.3em&#8221; background_size=&#8221;initial&#8221; background_position=&#8221;top_left&#8221; background_repeat=&#8221;repeat&#8221; text_orientation=&#8221;center&#8221; custom_margin=&#8221;0px||0px|&#8221; custom_padding=&#8221;0px||0px|&#8221;]<!--<a style=\"color: #adadad;\" href=\"https:\/\/domingossousa.pt\/pt\/politica-de-privacidade\/\">Pol\u00edtica de Privacidade<\/a> | -->webdesign by: <a href=\"http:\/\/criativo.net\" target=\"_blank\" rel=\"noopener\">criativo.net<\/a>[\/et_pb_text][\/et_pb_column][\/et_pb_row][\/et_pb_section]<\/p>\n","protected":false},"excerpt":{"rendered":"<p>[et_pb_section fb_built=&#8221;1&#8243; module_id=&#8221;PP&#8221; _builder_version=&#8221;3.3.1&#8243; custom_margin=&#8221;0px||0px|&#8221; custom_padding=&#8221;0px|0px|0px|0px&#8221;][et_pb_row custom_padding=&#8221;100px||100px||true&#8221; custom_padding_tablet=&#8221;80px||80px|&#8221; custom_padding_phone=&#8221;60px||60px|&#8221; custom_margin=&#8221;0px||0px||true&#8221; custom_padding_last_edited=&#8221;on|desktop&#8221; _builder_version=&#8221;3.3.1&#8243; background_size=&#8221;initial&#8221; background_position=&#8221;top_left&#8221; background_repeat=&#8221;repeat&#8221;][et_pb_column type=&#8221;4_4&#8243; _builder_version=&#8221;3.0.47&#8243; parallax=&#8221;off&#8221; parallax_method=&#8221;on&#8221;][et_pb_text _builder_version=&#8221;3.15&#8243; text_font=&#8221;||||||||&#8221; text_font_size=&#8221;15px&#8221; text_line_height=&#8221;1.3em&#8221; header_font=&#8221;||||||||&#8221; text_orientation=&#8221;justified&#8221; custom_margin=&#8221;0px||0px|&#8221; custom_padding=&#8221;0px||0px|&#8221;] Pol\u00edtica de Privacidade e Prote\u00e7\u00e3o de Dados Pessoais &nbsp; PRE\u00c2MBULO O novo Regulamento Geral sobre a Prote\u00e7\u00e3o de Dados Pessoais \u2013 Regulamento n.\u00ba 2016\/679 do Parlamento Europeu e [&hellip;]<\/p>\n","protected":false},"author":3,"featured_media":0,"parent":0,"menu_order":0,"comment_status":"closed","ping_status":"closed","template":"","meta":{"_et_pb_use_builder":"on","_et_pb_old_content":"","_et_gb_content_width":""},"_links":{"self":[{"href":"https:\/\/domingossousa.pt\/pt\/wp-json\/wp\/v2\/pages\/37850"}],"collection":[{"href":"https:\/\/domingossousa.pt\/pt\/wp-json\/wp\/v2\/pages"}],"about":[{"href":"https:\/\/domingossousa.pt\/pt\/wp-json\/wp\/v2\/types\/page"}],"author":[{"embeddable":true,"href":"https:\/\/domingossousa.pt\/pt\/wp-json\/wp\/v2\/users\/3"}],"replies":[{"embeddable":true,"href":"https:\/\/domingossousa.pt\/pt\/wp-json\/wp\/v2\/comments?post=37850"}],"version-history":[{"count":8,"href":"https:\/\/domingossousa.pt\/pt\/wp-json\/wp\/v2\/pages\/37850\/revisions"}],"predecessor-version":[{"id":37880,"href":"https:\/\/domingossousa.pt\/pt\/wp-json\/wp\/v2\/pages\/37850\/revisions\/37880"}],"wp:attachment":[{"href":"https:\/\/domingossousa.pt\/pt\/wp-json\/wp\/v2\/media?parent=37850"}],"curies":[{"name":"wp","href":"https:\/\/api.w.org\/{rel}","templated":true}]}}